{"id":459,"date":"2024-07-30T19:01:21","date_gmt":"2024-07-30T17:01:21","guid":{"rendered":"https:\/\/wc.clientify.com.co\/?page_id=459"},"modified":"2024-07-31T09:43:05","modified_gmt":"2024-07-31T07:43:05","slug":"pagina-2","status":"publish","type":"page","link":"https:\/\/wc.clientify.com.co\/index.php\/pagina-ejemplo\/pagina-2\/","title":{"rendered":"P\u00e1gina 2"},"content":{"rendered":"<div class=\"wp-block-group alignfull has-accent-background-color has-background is-layout-constrained wp-container-core-group-is-layout-669513ed wp-block-group-is-layout-constrained\" style=\"margin-top:0;margin-bottom:0;padding-top:var(--wp--preset--spacing--50);padding-right:var(--wp--preset--spacing--50);padding-bottom:var(--wp--preset--spacing--50);padding-left:var(--wp--preset--spacing--50)\"><div class=\"wp-block-columns alignwide is-layout-flex wp-container-core-columns-is-layout-1da03c2a wp-block-columns-is-layout-flex\"><div class=\"wp-block-column is-vertically-aligned-stretch is-layout-flow wp-block-column-is-layout-flow\" style=\"flex-basis:50%\"><div class=\"wp-block-group is-vertical is-content-justification-stretch is-layout-flex wp-container-core-group-is-layout-444d5ee8 wp-block-group-is-layout-flex\" style=\"min-height:100%\"><p class=\"has-heading-font-family has-x-large-font-size\" style=\"line-height:1.2\">\u00c9tudes ofrece soluciones integrales de consultor\u00eda, gesti\u00f3n, dise\u00f1o e investigaci\u00f3n. Cada esfuerzo arquitect\u00f3nico es una oportunidad para dar forma al futuro.<\/p>\n\n<div class=\"wp-block-group is-content-justification-left is-layout-constrained wp-container-core-group-is-layout-9fe8ed88 wp-block-group-is-layout-constrained\"><p class=\"wp-container-content-0733e5d0\">Dejando una huella indeleble en el paisaje del ma\u00f1ana.<\/p>\n\n<div class=\"wp-block-buttons is-layout-flex wp-block-buttons-is-layout-flex\"><div class=\"wp-block-button\"><a class=\"wp-block-button__link wp-element-button\">Acerca de nosotros<\/a><\/div><\/div><\/div><\/div><\/div>\n\n<div class=\"wp-block-column is-vertically-aligned-center is-layout-flow wp-block-column-is-layout-flow\" style=\"flex-basis:50%\"><figure class=\"wp-block-image size-large is-style-rounded\"><img decoding=\"async\" src=\"https:\/\/wc.clientify.com.co\/wp-content\/themes\/twentytwentyfour\/assets\/images\/museum.webp\" alt=\"Una rampa a lo largo de una pared curva en el Museo Kiasma, Helsinki, Finlandia\" style=\"aspect-ratio:3\/4;object-fit:cover\"\/><\/figure><\/div><\/div><\/div><div class=\"wp-block-group alignfull has-base-background-color has-background is-layout-constrained wp-container-core-group-is-layout-d89aad35 wp-block-group-is-layout-constrained\" style=\"margin-top:0;margin-bottom:0;padding-top:var(--wp--preset--spacing--50);padding-right:var(--wp--preset--spacing--50);padding-bottom:var(--wp--preset--spacing--50);padding-left:var(--wp--preset--spacing--50)\"><div class=\"wp-block-columns alignwide is-layout-flex wp-container-core-columns-is-layout-549b0c86 wp-block-columns-is-layout-flex\"><div class=\"wp-block-column is-content-justification-left is-layout-constrained wp-container-core-column-is-layout-4f15e8fe wp-block-column-is-layout-constrained\" style=\"flex-basis:40%\"><p>La revitalizada galer\u00eda de arte est\u00e1 llamada a redefinir el paisaje cultural.<\/p><\/div>\n\n<div class=\"wp-block-column is-layout-flow wp-container-core-column-is-layout-119bc444 wp-block-column-is-layout-flow\" style=\"flex-basis:60%\"><p class=\"has-heading-font-family has-x-large-font-size\" style=\"line-height:1.2\">Con una meticulosa atenci\u00f3n al detalle y un compromiso con la excelencia, creamos espacios que inspiran, elevan y enriquecen la vida de quienes los habitan.<\/p>\n\n<div class=\"wp-block-columns is-layout-flex wp-container-core-columns-is-layout-87beb0d0 wp-block-columns-is-layout-flex\"><div class=\"wp-block-column is-layout-flow wp-block-column-is-layout-flow\"><p class=\"wp-container-content-9cfa9a5a\">La revitalizada Galer\u00eda de Arte est\u00e1 llamada a redefinir el paisaje cultural de Toronto, sirviendo de nexo de expresi\u00f3n art\u00edstica, compromiso comunitario y maravilla arquitect\u00f3nica. El proyecto de ampliaci\u00f3n y renovaci\u00f3n rinde homenaje a la rica historia de la Galer\u00eda de Arte al tiempo que abraza el futuro, garantizando que la galer\u00eda siga siendo un faro de inspiraci\u00f3n.<\/p><\/div>\n\n<div class=\"wp-block-column is-layout-flow wp-block-column-is-layout-flow\"><p>La revitalizada Galer\u00eda de Arte est\u00e1 llamada a redefinir el paisaje cultural de Toronto, sirviendo de nexo de expresi\u00f3n art\u00edstica, compromiso comunitario y maravilla arquitect\u00f3nica. El proyecto de ampliaci\u00f3n y renovaci\u00f3n rinde homenaje a la rica historia de la Galer\u00eda de Arte al tiempo que abraza el futuro, garantizando que la galer\u00eda siga siendo un faro de inspiraci\u00f3n.<\/p><\/div><\/div><\/div><\/div><\/div><div class=\"wp-block-group alignfull has-accent-5-background-color has-background is-layout-constrained wp-container-core-group-is-layout-d89aad35 wp-block-group-is-layout-constrained\" style=\"margin-top:0;margin-bottom:0;padding-top:var(--wp--preset--spacing--50);padding-right:var(--wp--preset--spacing--50);padding-bottom:var(--wp--preset--spacing--50);padding-left:var(--wp--preset--spacing--50)\"><div class=\"wp-block-columns alignwide is-layout-flex wp-container-core-columns-is-layout-1da03c2a wp-block-columns-is-layout-flex\"><div class=\"wp-block-column is-vertically-aligned-center is-layout-flow wp-block-column-is-layout-flow\" style=\"flex-basis:60%\"><figure class=\"wp-block-image size-full is-style-rounded wp-duotone-varpresetduotoneduotone-1-1\"><img decoding=\"async\" src=\"https:\/\/wc.clientify.com.co\/wp-content\/themes\/twentytwentyfour\/assets\/images\/abstract-geometric-art.webp\" alt=\"Obra de arte geom\u00e9trica abstracta blanca de Dresde, Alemania\" style=\"aspect-ratio:4\/3;object-fit:cover\"\/><\/figure><\/div>\n\n<div class=\"wp-block-column is-layout-flow wp-block-column-is-layout-flow\" style=\"flex-basis:40%\"><h2 class=\"wp-block-heading\">Guiando a tu empresa a trav\u00e9s del proyecto<\/h2>\n\n<p>Experimenta la fusi\u00f3n de imaginaci\u00f3n y experiencia con \u00c9tudes, el catalizador de las transformaciones arquitect\u00f3nicas que enriquecen el mundo que nos rodea.<\/p>\n\n<div class=\"wp-block-buttons is-layout-flex wp-block-buttons-is-layout-flex\"><div class=\"wp-block-button\"><a class=\"wp-block-button__link wp-element-button\">Nuestros servicios<\/a><\/div><\/div><\/div><\/div><\/div><div class=\"wp-block-group alignfull is-layout-constrained wp-container-core-group-is-layout-669513ed wp-block-group-is-layout-constrained\" style=\"margin-top:0;margin-bottom:0;padding-top:var(--wp--preset--spacing--50);padding-right:var(--wp--preset--spacing--50);padding-bottom:var(--wp--preset--spacing--50);padding-left:var(--wp--preset--spacing--50)\"><div class=\"wp-block-group is-vertical is-content-justification-center is-layout-flex wp-container-core-group-is-layout-ce155fab wp-block-group-is-layout-flex\"><h2 class=\"wp-block-heading has-text-align-center has-xx-large-font-size\">Conoce a nuestro equipo<\/h2>\n\n<p class=\"has-text-align-center\">Nuestro amplio conjunto de profesionales atiende a un equipo diverso, que va desde arquitectos experimentados a ingenieros de renombre.<\/p><\/div>\n\n<div style=\"height:var(--wp--preset--spacing--30)\" aria-hidden=\"true\" class=\"wp-block-spacer\"><\/div>\n\n<div class=\"wp-block-columns alignwide is-layout-flex wp-container-core-columns-is-layout-4935966c wp-block-columns-is-layout-flex\" style=\"padding-right:0;padding-left:0\"><div class=\"wp-block-column is-layout-flow wp-block-column-is-layout-flow\">\n\n<div class=\"wp-block-group is-vertical is-content-justification-center is-nowrap is-layout-flex wp-container-core-group-is-layout-21d4e958 wp-block-group-is-layout-flex\"><p class=\"has-text-align-center has-small-font-size\">\n\t\t\t\t\t<strong>Francesca Piovani<\/strong>\n\t\t\t\t<\/p>\n\n<p class=\"has-text-align-center has-small-font-size\">Fundador, Director general y Arquitecto<\/p><\/div><\/div>\n\n<div class=\"wp-block-column is-layout-flow wp-block-column-is-layout-flow\">\n\n<div class=\"wp-block-group is-vertical is-content-justification-center is-nowrap is-layout-flex wp-container-core-group-is-layout-63bfd6c1 wp-block-group-is-layout-flex\"><p class=\"has-text-align-center has-small-font-size\">\n\t\t\t\t\t<strong>Rhye Moore<\/strong>\n\t\t\t\t<\/p>\n\n<p class=\"has-text-align-center has-small-font-size\">Director de ingenier\u00eda<\/p><\/div><\/div>\n\n<div class=\"wp-block-column is-layout-flow wp-block-column-is-layout-flow\">\n\n<div class=\"wp-block-group is-vertical is-content-justification-center is-nowrap is-layout-flex wp-container-core-group-is-layout-63bfd6c1 wp-block-group-is-layout-flex\"><p class=\"has-text-align-center has-small-font-size\">\n\t\t\t\t\t<strong>Helga Steiner<\/strong>\n\t\t\t\t<\/p>\n\n<p class=\"has-text-align-center has-small-font-size\">Arquitecto<\/p><\/div><\/div>\n\n<div class=\"wp-block-column is-layout-flow wp-block-column-is-layout-flow\">\n\n<div class=\"wp-block-group is-vertical is-content-justification-center is-nowrap is-layout-flex wp-container-core-group-is-layout-21d4e958 wp-block-group-is-layout-flex\"><p class=\"has-text-align-center has-small-font-size\">\n\t\t\t\t\t<strong>Ivan Lawrence<\/strong>\n\t\t\t\t<\/p>\n\n<p class=\"has-text-align-center has-small-font-size\">Gestor de proyectos<\/p><\/div><\/div><\/div><\/div><div class=\"wp-block-group alignfull is-layout-constrained wp-container-core-group-is-layout-d89aad35 wp-block-group-is-layout-constrained\" style=\"margin-top:0;margin-bottom:0;padding-top:var(--wp--preset--spacing--50);padding-right:var(--wp--preset--spacing--50);padding-bottom:var(--wp--preset--spacing--50);padding-left:var(--wp--preset--spacing--50)\"><div class=\"wp-block-group alignwide has-base-2-background-color has-background is-layout-flow wp-block-group-is-layout-flow\" style=\"border-radius:16px;padding-top:var(--wp--preset--spacing--50);padding-right:var(--wp--preset--spacing--50);padding-bottom:var(--wp--preset--spacing--50);padding-left:var(--wp--preset--spacing--50)\"><p class=\"has-text-align-center\">We\u2019ve worked with some of the best companies.<\/p>\n\n<div style=\"height:var(--wp--preset--spacing--10)\" aria-hidden=\"true\" class=\"wp-block-spacer\"><\/div>\n\n<div class=\"wp-block-group alignwide is-content-justification-center is-layout-flex wp-container-core-group-is-layout-f95ffa09 wp-block-group-is-layout-flex\" style=\"padding-top:0;padding-right:0;padding-bottom:0;padding-left:0\">\n\n\n\n\n\n\n\n<\/div><\/div><\/div><div class=\"wp-block-group alignfull has-base-color has-contrast-background-color has-text-color has-background has-link-color wp-elements-0132f68b232265f80d1bac09f3282aac is-layout-constrained wp-container-core-group-is-layout-d89aad35 wp-block-group-is-layout-constrained\" style=\"margin-top:0;margin-bottom:0;padding-top:var(--wp--preset--spacing--50);padding-right:var(--wp--preset--spacing--50);padding-bottom:var(--wp--preset--spacing--50);padding-left:var(--wp--preset--spacing--50)\"><h2 class=\"wp-block-heading alignwide has-base-color has-text-color has-link-color wp-elements-c9b5699bdecff18878afa112249018b5\" style=\"font-size:10rem;letter-spacing:-0.02em\">FAQs<\/h2>\n\n<div class=\"wp-block-group alignwide is-layout-flow wp-block-group-is-layout-flow\"><hr class=\"wp-block-separator has-text-color has-base-color has-alpha-channel-opacity has-base-background-color has-background is-style-wide\"\/>\n\n<details class=\"wp-block-details is-style-arrow-icon-details has-medium-font-size is-layout-flow wp-block-details-is-layout-flow\" style=\"border-top-style:none;border-top-width:0px;border-right-style:none;border-right-width:0px;border-bottom-color:var(--wp--preset--color--base);border-bottom-style:solid;border-bottom-width:1px;border-left-style:none;border-left-width:0px;margin-top:0\"><summary>\u00bfCu\u00e1l es tu proceso de trabajo en proyectos m\u00e1s peque\u00f1os?<\/summary><p class=\"has-contrast-1-color has-text-color has-link-color wp-elements-a4f83e381433159d820c456fe41a2624\">\u00c9tudes ofrece soluciones integrales de consultor\u00eda, gesti\u00f3n, dise\u00f1o e investigaci\u00f3n. Nuestra visi\u00f3n es estar a la vanguardia de la innovaci\u00f3n arquitect\u00f3nica, fomentando una comunidad global de arquitectos y entusiastas unidos por la pasi\u00f3n de crear espacios. Cada esfuerzo arquitect\u00f3nico es una oportunidad para dar forma al futuro.<\/p><\/details>\n\n<details class=\"wp-block-details is-style-arrow-icon-details has-medium-font-size is-layout-flow wp-block-details-is-layout-flow\" style=\"border-top-style:none;border-top-width:0px;border-right-style:none;border-right-width:0px;border-bottom-color:var(--wp--preset--color--base);border-bottom-style:solid;border-bottom-width:1px;border-left-style:none;border-left-width:0px;margin-top:0\"><summary>\u00bfQui\u00e9n est\u00e1 detr\u00e1s de \u00c9tudes?<\/summary><p class=\"has-contrast-1-color has-text-color has-link-color wp-elements-a4f83e381433159d820c456fe41a2624\">\u00c9tudes ofrece soluciones integrales de consultor\u00eda, gesti\u00f3n, dise\u00f1o e investigaci\u00f3n. Nuestra visi\u00f3n es estar a la vanguardia de la innovaci\u00f3n arquitect\u00f3nica, fomentando una comunidad global de arquitectos y entusiastas unidos por la pasi\u00f3n de crear espacios. Cada esfuerzo arquitect\u00f3nico es una oportunidad para dar forma al futuro.<\/p><\/details>\n\n<details class=\"wp-block-details is-style-arrow-icon-details has-medium-font-size is-layout-flow wp-block-details-is-layout-flow\" style=\"border-top-style:none;border-top-width:0px;border-right-style:none;border-right-width:0px;border-bottom-color:var(--wp--preset--color--base);border-bottom-style:solid;border-bottom-width:1px;border-left-style:none;border-left-width:0px;margin-top:0\"><summary>Me gustar\u00eda conocer a otros arquitectos, \u00bfc\u00f3mo puedo hacerlo?<\/summary><p class=\"has-contrast-1-color has-text-color has-link-color wp-elements-a4f83e381433159d820c456fe41a2624\">\u00c9tudes ofrece soluciones integrales de consultor\u00eda, gesti\u00f3n, dise\u00f1o e investigaci\u00f3n. Nuestra visi\u00f3n es estar a la vanguardia de la innovaci\u00f3n arquitect\u00f3nica, fomentando una comunidad global de arquitectos y entusiastas unidos por la pasi\u00f3n de crear espacios. Cada esfuerzo arquitect\u00f3nico es una oportunidad para dar forma al futuro.<\/p><\/details>\n\n<details class=\"wp-block-details is-style-arrow-icon-details has-medium-font-size is-layout-flow wp-block-details-is-layout-flow\" style=\"border-top-style:none;border-top-width:0px;border-right-style:none;border-right-width:0px;border-bottom-color:var(--wp--preset--color--base);border-bottom-style:solid;border-bottom-width:1px;border-left-style:none;border-left-width:0px;margin-top:0\"><summary>\u00bfPuedo solicitar formar parte del equipo o trabajar como contratista?<\/summary><p class=\"has-contrast-1-color has-text-color has-link-color wp-elements-a4f83e381433159d820c456fe41a2624\">\u00c9tudes ofrece soluciones integrales de consultor\u00eda, gesti\u00f3n, dise\u00f1o e investigaci\u00f3n. Nuestra visi\u00f3n es estar a la vanguardia de la innovaci\u00f3n arquitect\u00f3nica, fomentando una comunidad global de arquitectos y entusiastas unidos por la pasi\u00f3n de crear espacios. Cada esfuerzo arquitect\u00f3nico es una oportunidad para dar forma al futuro.<\/p><\/details>\n\n<div style=\"margin-top:var(--wp--preset--spacing--10);margin-bottom:0;height:var(--wp--preset--spacing--10)\" aria-hidden=\"true\" class=\"wp-block-spacer\"><\/div><\/div><\/div><div class=\"wp-block-group alignfull is-layout-constrained wp-container-core-group-is-layout-d89aad35 wp-block-group-is-layout-constrained\" style=\"margin-top:0;margin-bottom:0;padding-top:var(--wp--preset--spacing--50);padding-right:var(--wp--preset--spacing--50);padding-bottom:var(--wp--preset--spacing--50);padding-left:var(--wp--preset--spacing--50)\"><div class=\"wp-block-columns alignwide are-vertically-aligned-center is-layout-flex wp-container-core-columns-is-layout-47c06fe3 wp-block-columns-is-layout-flex\"><div class=\"wp-block-column is-vertically-aligned-center is-layout-flow wp-block-column-is-layout-flow\" style=\"flex-basis:50%\"><h2 class=\"wp-block-heading\">Mejora tu viaje arquitect\u00f3nico con la aplicaci\u00f3n \u00c9tudes Arquitecto.<\/h2>\n\n<ul style=\"line-height:1.75\" class=\"wp-block-list is-style-checkmark-list\"><li>Colabora con otros arquitectos.<\/li>\n\n<li>Muestra tus proyectos.<\/li>\n\n<li>Experimenta el mundo de la arquitectura.<\/li><\/ul>\n\n<div class=\"wp-block-buttons is-layout-flex wp-block-buttons-is-layout-flex\"><div class=\"wp-block-button\"><a class=\"wp-block-button__link wp-element-button\">Descargar aplicaci\u00f3n<\/a><\/div>\n\n<div class=\"wp-block-button is-style-outline is-style-outline--2\"><a class=\"wp-block-button__link wp-element-button\">C\u00f3mo funciona<\/a><\/div><\/div><\/div>\n\n<div class=\"wp-block-column is-vertically-aligned-center is-layout-flow wp-block-column-is-layout-flow\" style=\"flex-basis:50%\"><figure class=\"wp-block-image size-full is-style-rounded\"><img decoding=\"async\" src=\"https:\/\/wc.clientify.com.co\/wp-content\/themes\/twentytwentyfour\/assets\/images\/abstract-geometric-art.webp\" alt=\"Obra de arte geom\u00e9trica abstracta blanca de Dresde, Alemania\" style=\"aspect-ratio:4\/3;object-fit:cover\"\/><\/figure><\/div><\/div><\/div>","protected":false},"excerpt":{"rendered":"<p>\u00c9tudes ofrece soluciones integrales de consultor\u00eda, gesti\u00f3n, dise\u00f1o e investigaci\u00f3n. Cada esfuerzo arquitect\u00f3nico es una oportunidad para dar forma al futuro. Dejando una huella indeleble en el paisaje del ma\u00f1ana. La revitalizada galer\u00eda de arte est\u00e1 llamada a redefinir el paisaje cultural. Con una meticulosa atenci\u00f3n al detalle y un compromiso con la excelencia, creamos [&hellip;]<\/p>\n","protected":false},"author":1,"featured_media":0,"parent":2,"menu_order":0,"comment_status":"closed","ping_status":"closed","template":"","meta":{"footnotes":""},"class_list":["post-459","page","type-page","status-publish","hentry"],"_links":{"self":[{"href":"https:\/\/wc.clientify.com.co\/index.php\/wp-json\/wp\/v2\/pages\/459","targetHints":{"allow":["GET"]}}],"collection":[{"href":"https:\/\/wc.clientify.com.co\/index.php\/wp-json\/wp\/v2\/pages"}],"about":[{"href":"https:\/\/wc.clientify.com.co\/index.php\/wp-json\/wp\/v2\/types\/page"}],"author":[{"embeddable":true,"href":"https:\/\/wc.clientify.com.co\/index.php\/wp-json\/wp\/v2\/users\/1"}],"replies":[{"embeddable":true,"href":"https:\/\/wc.clientify.com.co\/index.php\/wp-json\/wp\/v2\/comments?post=459"}],"version-history":[{"count":1,"href":"https:\/\/wc.clientify.com.co\/index.php\/wp-json\/wp\/v2\/pages\/459\/revisions"}],"predecessor-version":[{"id":460,"href":"https:\/\/wc.clientify.com.co\/index.php\/wp-json\/wp\/v2\/pages\/459\/revisions\/460"}],"up":[{"embeddable":true,"href":"https:\/\/wc.clientify.com.co\/index.php\/wp-json\/wp\/v2\/pages\/2"}],"wp:attachment":[{"href":"https:\/\/wc.clientify.com.co\/index.php\/wp-json\/wp\/v2\/media?parent=459"}],"curies":[{"name":"wp","href":"https:\/\/api.w.org\/{rel}","templated":true}]}}